{"id":628,"date":"2022-01-12T17:16:33","date_gmt":"2022-01-12T17:16:33","guid":{"rendered":"https:\/\/kitdigitalempresas.es\/?page_id=628"},"modified":"2022-02-09T11:53:32","modified_gmt":"2022-02-09T11:53:32","slug":"gestion-de-redes-sociales","status":"publish","type":"page","link":"https:\/\/kitdigitalempresas.es\/index.php\/gestion-de-redes-sociales\/","title":{"rendered":"Gesti\u00f3n de redes sociales"},"content":{"rendered":"\n<p class=\"has-text-align-center\"><strong>Importe m\u00e1ximo de la ayuda: 2.500 \u20ac<\/strong><\/p>\n\n\n\n<hr class=\"wp-block-separator has-text-color has-background has-vivid-red-background-color has-vivid-red-color\"\/>\n\n\n\n<h3 class=\"wp-block-heading\" id=\"gestion-de-redes-sociales\"><strong>Gesti\u00f3n de redes sociales<\/strong><\/h3>\n\n\n\n<p>A trav\u00e9s de las redes sociales podr\u00e1s contribuir al cumplimiento de los objetivos de tu empresa, ya sea aumentar la visibilidad online de la marca, comunicarte con tu p\u00fablico o fidelizar a tus clientes. Para ello, deja en manos expertas su gesti\u00f3n.<\/p>\n\n\n\n<p>Incluye:<\/p>\n\n\n\n<ul class=\"wp-block-list\"><li>An\u00e1lisis de la situaci\u00f3n inicial<\/li><li>Optimizaci\u00f3n de redes sociales existentes (en caso de haberlas)<\/li><li>Calendario de publicaciones mensual<\/li><li>Publicaci\u00f3n de 1 post semanal (en 2 redes sociales)<\/li><li>Redacci\u00f3n de textos para las publicaciones<\/li><li>Dise\u00f1o de im\u00e1genes para publicaciones a partir de im\u00e1genes proporcionadas por el cliente o bancos de im\u00e1genes<\/li><li>Informe trimestral de evoluci\u00f3n<\/li><\/ul>\n\n\n\n<p class=\"has-text-align-right has-vivid-red-color has-text-color\"><strong>Precio de la gesti\u00f3n de redes sociales: 2.400 \u20ac<\/strong><\/p>\n","protected":false},"excerpt":{"rendered":"<p>Importe m\u00e1ximo de la ayuda: 2.500 \u20ac Gesti\u00f3n de redes sociales A trav\u00e9s de las redes sociales podr\u00e1s contribuir al cumplimiento de los objetivos de tu empresa, ya sea aumentar la visibilidad online de la marca, comunicarte con tu p\u00fablico o fidelizar a tus clientes. Para ello, deja en manos expertas su gesti\u00f3n. Incluye: An\u00e1lisis &hellip;<\/p>\n<p class=\"read-more\"> <a class=\"\" href=\"https:\/\/kitdigitalempresas.es\/index.php\/gestion-de-redes-sociales\/\"> <span class=\"screen-reader-text\">Gesti\u00f3n de redes sociales<\/span> Leer m\u00e1s &raquo;<\/a><\/p>\n","protected":false},"author":1,"featured_media":0,"parent":0,"menu_order":0,"comment_status":"closed","ping_status":"closed","template":"","meta":{"site-sidebar-layout":"default","site-content-layout":"default","ast-main-header-display":"","ast-hfb-above-header-display":"","ast-hfb-below-header-display":"","ast-hfb-mobile-header-display":"","site-post-title":"","ast-breadcrumbs-content":"","ast-featured-img":"","footer-sml-layout":"","theme-transparent-header-meta":"","adv-header-id-meta":"","stick-header-meta":"","header-above-stick-meta":"","header-main-stick-meta":"","header-below-stick-meta":"","footnotes":""},"class_list":["post-628","page","type-page","status-publish","hentry"],"_links":{"self":[{"href":"https:\/\/kitdigitalempresas.es\/index.php\/wp-json\/wp\/v2\/pages\/628","targetHints":{"allow":["GET"]}}],"collection":[{"href":"https:\/\/kitdigitalempresas.es\/index.php\/wp-json\/wp\/v2\/pages"}],"about":[{"href":"https:\/\/kitdigitalempresas.es\/index.php\/wp-json\/wp\/v2\/types\/page"}],"author":[{"embeddable":true,"href":"https:\/\/kitdigitalempresas.es\/index.php\/wp-json\/wp\/v2\/users\/1"}],"replies":[{"embeddable":true,"href":"https:\/\/kitdigitalempresas.es\/index.php\/wp-json\/wp\/v2\/comments?post=628"}],"version-history":[{"count":4,"href":"https:\/\/kitdigitalempresas.es\/index.php\/wp-json\/wp\/v2\/pages\/628\/revisions"}],"predecessor-version":[{"id":665,"href":"https:\/\/kitdigitalempresas.es\/index.php\/wp-json\/wp\/v2\/pages\/628\/revisions\/665"}],"wp:attachment":[{"href":"https:\/\/kitdigitalempresas.es\/index.php\/wp-json\/wp\/v2\/media?parent=628"}],"curies":[{"name":"wp","href":"https:\/\/api.w.org\/{rel}","templated":true}]}}